{"id":3,"date":"2021-05-28T11:25:20","date_gmt":"2021-05-28T11:25:20","guid":{"rendered":"https:\/\/play4children.com\/?page_id=3"},"modified":"2025-09-09T12:03:31","modified_gmt":"2025-09-09T11:03:31","slug":"politica-privacidade","status":"publish","type":"page","link":"https:\/\/play4children.com\/es\/politica-privacidade\/","title":{"rendered":"Pol\u00edtica de privacidad"},"content":{"rendered":"<p>[et_pb_section fb_built=&#8221;1&#8243; _builder_version=&#8221;4.16&#8243; global_colors_info=&#8221;{}&#8221;][et_pb_row _builder_version=&#8221;4.16&#8243; background_size=&#8221;initial&#8221; background_position=&#8221;top_left&#8221; background_repeat=&#8221;repeat&#8221; global_colors_info=&#8221;{}&#8221;][et_pb_column type=&#8221;4_4&#8243; _builder_version=&#8221;4.16&#8243; custom_padding=&#8221;|||&#8221; global_colors_info=&#8221;{}&#8221; custom_padding__hover=&#8221;|||&#8221;][et_pb_text _builder_version=&#8221;4.27.4&#8243; background_size=&#8221;initial&#8221; background_position=&#8221;top_left&#8221; background_repeat=&#8221;repeat&#8221; hover_enabled=&#8221;0&#8243; text_orientation_tablet=&#8221;center&#8221; text_orientation_phone=&#8221;&#8221; text_orientation_last_edited=&#8221;on|tablet&#8221; global_colors_info=&#8221;{}&#8221; text_font_size=&#8221;0.8rem&#8221; text_orientation=&#8221;justified&#8221; sticky_enabled=&#8221;0&#8243;]<\/p>\n<p><strong>Pol\u00edtica de Privacidade do play4children.com<\/strong><\/p>\n<p>Este Site recolhe alguns Dados Pessoais dos Utilizadores.<\/p>\n<p>Este documento cont\u00e9m uma se\u00e7\u00e3o dedicada a Utilizadores brasileiros e seus direitos de privacidade.<\/p>\n<p>Este documento pode ser impresso para fins de consulta, atrav\u00e9s do comando imprimir nas configura\u00e7\u00f5es de seu navegador.<\/p>\n<p><strong>Propriet\u00e1rio e Controlador de Dados<br \/>Associa\u00e7\u00e3o Play4 Children<br \/>NIF: 517795566<\/strong><\/p>\n<p><strong><\/strong><\/p>\n<p><strong>Tipos de Dados recolhidos<\/strong><\/p>\n<p>Entre os tipos de Dados Pessoais que este Site recolhe, por si mesmo ou atrav\u00e9s de terceiros, existem: Rastreador; Dados de uso; e-mail; nome; sobrenome.<\/p>\n<p>Detalhes completos sobre cada tipo de Dados Pessoais recolhidos s\u00e3o fornecidos nas se\u00e7\u00f5es dedicadas desta pol\u00edtica de privacidade ou por textos explicativos espec\u00edficos exibidos antes da recolhe de Dados.<\/p>\n<p>Os Dados Pessoais poder\u00e3o ser fornecidos livremente pelo Utilizador, ou, no caso dos Dados de Utiliza\u00e7\u00e3o, recolhidos automaticamente ao se utilizar este Site.<\/p>\n<p>A menos que especificado diferentemente todos os Dados solicitados por este Site s\u00e3o obrigat\u00f3rios e a falta de fornecimento destes Dados poder\u00e1 impossibilitar este Site de fornecer os seus Servi\u00e7os. Nos casos em que este Site afirmar especificamente que alguns Dados n\u00e3o forem obrigat\u00f3rios, os Utilizadores ficam livres para deixarem de comunicar estes Dados sem nenhuma consequ\u00eancia para a disponibilidade ou o funcionamento do Servi\u00e7o.<\/p>\n<p>Os Utilizadores que tiverem d\u00favidas a respeito de quais Dados Pessoais s\u00e3o obrigat\u00f3rios est\u00e3o convidados a entrar em contato com o Propriet\u00e1rio.<\/p>\n<p>Quaisquer usos de cookies \u2013 ou de outras ferramentas de rastreamento \u2013 por este Site ou pelos propriet\u00e1rios de servi\u00e7os terceiros utilizados por este Site ser\u00e3o para a finalidade de fornecer os Servi\u00e7os solicitados pelo Utilizador, al\u00e9m das demais finalidades descritas no presente documento e na Pol\u00edtica de Cookies, se estiver dispon\u00edvel.<\/p>\n<p>Os Utilizadores ficam respons\u00e1veis por quaisquer Dados Pessoais de terceiros que forem obtidos, publicados ou compartilhados atrav\u00e9s deste Servi\u00e7o (este Site) e confirmam que possuem a autoriza\u00e7\u00e3o dos terceiros para fornecerem os Dados para o Propriet\u00e1rio.<\/p>\n<p>&nbsp;<\/p>\n<p>Modo e local de processamento dos Dados<\/p>\n<p>&nbsp;<\/p>\n<p><strong>M\u00e9todo de processamento<\/strong><\/p>\n<p>O Propriet\u00e1rio tomar\u00e1 as medidas de seguran\u00e7a adequadas para impedir o acesso n\u00e3o autorizado, divulga\u00e7\u00e3o, altera\u00e7\u00e3o ou destrui\u00e7\u00e3o n\u00e3o autorizada dos Dados.<\/p>\n<p>O processamento dos Dados \u00e9 realizado utilizando computadores e \/ou ferramentas de TI habilitadas, seguindo procedimentos organizacionais e meios estritamente relacionados com os fins indicados. Al\u00e9m do Propriet\u00e1rio, em alguns casos, os Dados podem ser acedidos por certos tipos de pessoas encarregadas, envolvidas com a opera\u00e7\u00e3o deste Servi\u00e7o (este Site) (administra\u00e7\u00e3o, vendas, marketing, administra\u00e7\u00e3o legal do sistema) ou pessoas externas (como fornecedores terceirizados de servi\u00e7os t\u00e9cnicos, carteiros, provedores de hospedagem, empresas de TI, ag\u00eancias de comunica\u00e7\u00e3o) nomeadas, quando necess\u00e1rio, como Processadores de Dados por parte do Propriet\u00e1rio. A lista atualizada destas partes pode ser solicitada ao Propriet\u00e1rio a qualquer momento.<\/p>\n<p>&nbsp;<\/p>\n<p><strong>Base jur\u00eddica para o processamento<\/strong><\/p>\n<p>O Propriet\u00e1rio poder\u00e1 processar os Dados Pessoais relacionados ao Utilizador se uma das hip\u00f3teses a seguir se aplicar:<\/p>\n<p>Os Utilizadores tenham dado a sua anu\u00eancia para uma ou mais finalidades espec\u00edficas; Observa\u00e7\u00e3o: De acordo com algumas legisla\u00e7\u00f5es o Propriet\u00e1rio poder\u00e1 ter a permiss\u00e3o para processar os Dados Pessoais AT\u00c9 QUE O Utilizador fa\u00e7a obje\u00e7\u00e3o a isto (\u201copt-out\u201d), sem ter de se basear em anu\u00eancia ou em quaisquer outras bases jur\u00eddicas a seguir. Isto, contudo, n\u00e3o se aplica sempre que o processamento de Dados Pessoais estiver sujeito \u00e0 legisla\u00e7\u00e3o europeia de prote\u00e7\u00e3o de dados;<\/p>\n<p>o fornecimento dos Dados for necess\u00e1rio para o cumprimento de um contrato com o Utilizador e\/ou quaisquer obriga\u00e7\u00f5es pr\u00e9-contratuais do mesmo;<\/p>\n<p>o processamento for necess\u00e1rio para o cumprimento de uma obriga\u00e7\u00e3o jur\u00eddica \u00e0 qual o Propriet\u00e1rio estiver sujeito;<\/p>\n<p>o processamento estiver relacionado a uma tarefa que for executada no interesse p\u00fablico ou no exerc\u00edcio de uma autoriza\u00e7\u00e3o oficial na qual o Propriet\u00e1rio estiver investido;<\/p>\n<p>o processamento for necess\u00e1rio para a finalidade de interesses leg\u00edtimos perseguidos pelo Propriet\u00e1rio ou por um terceiro;<\/p>\n<p>Em qualquer caso, o Propriet\u00e1rio colaborar\u00e1 de bom grado para esclarecer qual a base jur\u00eddica que se aplica ao processamento, e em especial se o fornecimento de Dados for um requisito obrigat\u00f3rio por for\u00e7a de lei ou contratual, ou uma exig\u00eancia necess\u00e1ria para celebrar um contrato.<\/p>\n<p><strong>Lugar<\/strong><\/p>\n<p>Os dados s\u00e3o processados \u200b\u200bnas sedes de opera\u00e7\u00e3o dos Propriet\u00e1rios, e em quaisquer outros lugares onde as partes envolvidas com o processamento estiverem localizadas.<\/p>\n<p>Dependendo da localiza\u00e7\u00e3o do Utilizador as transfer\u00eancias de dados poder\u00e3o envolver a transfer\u00eancia dos Dados do Utilizador para outro pa\u00eds que n\u00e3o seja o seu. Para descobrirem mais sobre o local de processamento de tais Dados transferidos os Utilizadores poder\u00e3o verificar a se\u00e7\u00e3o contendo os detalhes sobre o processamento de Dados Pessoais.<\/p>\n<p>Os Utilizadores tamb\u00e9m possuem o direito de serem informados sobre a base jur\u00eddica das transfer\u00eancias de Dados para pa\u00edses de fora da Uni\u00e3o Europeia ou para quaisquer organiza\u00e7\u00f5es internacionais regidas pelo direito internacional p\u00fablico ou formadas por dois ou mais pa\u00edses, tal como a ONU, e sobre as medidas de seguran\u00e7a tomadas pelo Propriet\u00e1rio para proteger os seus Dados.<\/p>\n<p>Se ocorrerem quaisquer tais transfer\u00eancias os Utilizadores poder\u00e3o descobrir mais a respeito verificando as se\u00e7\u00f5es pertinentes deste documento ou perguntando ao Propriet\u00e1rio utilizando as informa\u00e7\u00f5es fornecidas na se\u00e7\u00e3o de contatos.<\/p>\n<p>&nbsp;<\/p>\n<p><strong>Per\u00edodo de conserva\u00e7\u00e3o<\/strong><\/p>\n<p>Os Dados Pessoais ser\u00e3o processados e armazenados pelo tempo que for necess\u00e1rio para as finalidades para as quais forem recolhidos.<\/p>\n<p>&nbsp;<\/p>\n<p><strong>Portanto:<\/strong><\/p>\n<p>\u00a0Os Dados Pessoais recolhidos para as finalidades relacionadas com a execu\u00e7\u00e3o de um contrato entre o Propriet\u00e1rio e o Utilizador ser\u00e3o conservados at\u00e9 que tal contrato tenha sido completamente cumprido.<\/p>\n<p>Os Dados Pessoais recolhidos para as finalidades relacionadas com os leg\u00edtimos interesses do Propriet\u00e1rio ser\u00e3o conservados pelo tempo que for necess\u00e1rio para cumprir tais finalidades. Os Utilizadores poder\u00e3o obter informa\u00e7\u00f5es espec\u00edficas sobre os interesses leg\u00edtimos perseguidos pelo Propriet\u00e1rio dentro das se\u00e7\u00f5es pertinentes deste documento ou entrando em contato com o Propriet\u00e1rio.<\/p>\n<p>O Propriet\u00e1rio poder\u00e1 ter a permiss\u00e3o de conservar os Dados Pessoais por um prazo maior sempre que o Utilizador tiver dado a sua autoriza\u00e7\u00e3o para tal processamento, enquanto tal autoriza\u00e7\u00e3o n\u00e3o tiver sido retirada. Al\u00e9m disso, o Propriet\u00e1rio poder\u00e1 ficar obrigado a conservar os Dados Pessoais por um prazo maior em todas as ocasi\u00f5es em que estiver obrigado a faz\u00ea-lo para o cumprimento de uma obriga\u00e7\u00e3o jur\u00eddica ou em cumprimento de um mandato de uma autoridade.<\/p>\n<p>Assim que o prazo de conserva\u00e7\u00e3o vencer os Dados Pessoais ser\u00e3o apagados. Desta forma o direito de aceder, o direito de apagar, o direito de corrigir e o direito \u00e0 portabilidade dos dados n\u00e3o poder\u00e3o ter o seu cumprimento exigido ap\u00f3s o vencimento do prazo de conserva\u00e7\u00e3o.<\/p>\n<p>&nbsp;<\/p>\n<p><strong>As finalidades do processamento<\/strong><\/p>\n<p>Os Dados relativos ao Utilizador s\u00e3o recolhidos para permitir que o Propriet\u00e1rio preste seu Servi\u00e7o, cumpra suas obriga\u00e7\u00f5es legais, responda a solicita\u00e7\u00f5es de execu\u00e7\u00e3o, proteja seus direitos e interesses (ou aqueles de seus Utilizadores ou terceiros), detete qualquer atividade maliciosa ou fraudulenta, assim como: Intera\u00e7\u00e3o com redes sociais e plataformas externas, Contatar o Utilizador, Visualizar conte\u00fado de plataformas externas e Estat\u00edsticas.<\/p>\n<p>&nbsp;<\/p>\n<p>Para obter informa\u00e7\u00f5es espec\u00edficas sobre os Dados Pessoais utilizados para cada finalidade, o Utilizador poder\u00e1 consultar a se\u00e7\u00e3o \u201cInforma\u00e7\u00f5es detalhadas sobre o processamento de Dados Pessoais\u201d.<\/p>\n<p>Informa\u00e7\u00f5es detalhadas sobre o processamento de Dados Pessoais<\/p>\n<p>Os Dados Pessoais s\u00e3o recolhidos para os seguintes fins e utilizando os seguintes servi\u00e7os:<\/p>\n<p>&nbsp;<\/p>\n<p><strong>Contatar o Utilizador<\/strong><\/p>\n<p>Lista de endere\u00e7amento ou boletim informativo (este Site)<\/p>\n<p>Ao registar-se na lista de endere\u00e7amento ou no boletim informativo, o endere\u00e7o de e-mail do Utilizador ser\u00e1 adicionado \u00e0 lista de contatos daqueles que podem receber mensagens de e-mail que contenham informa\u00e7\u00f5es de natureza comercial ou promocional sobre este Site. O seu endere\u00e7o de e-mail tamb\u00e9m poder\u00e1 ser adicionado a esta lista, como resultado de sua inscri\u00e7\u00e3o neste servi\u00e7o (este Site) ou ap\u00f3s a realiza\u00e7\u00e3o de uma compra.<\/p>\n<p>Dados Pessoais processados: e-mail; nome; Rastreador; sobrenome.<\/p>\n<p><strong>Estat\u00edsticas<\/strong><\/p>\n<p>Os servi\u00e7os contidos nesta se\u00e7\u00e3o habilitam o Propriet\u00e1rio a monitorar e analisar o tr\u00e1fego da web e podem ser usados para rastrear o comportamento do Utilizador.<\/p>\n<p>WordPress Stat (Aut O\u2019Mattic A8C Ireland Ltd.)<\/p>\n<p>WordPress \u00e9 um servi\u00e7o de an\u00e1lise fornecido pela Aut O\u2019Mattic A8C Ireland Ltd.<\/p>\n<p>Dados Pessoais processados: Dados de uso; Rastreador.<\/p>\n<p>Lugar de processamento: Irlanda \u2013 Pol\u00edtica de Privacidade.<\/p>\n<p>Intera\u00e7\u00e3o com redes sociais e plataformas externas<\/p>\n<p>Estes tipos de servi\u00e7os permitem a intera\u00e7\u00e3o com as redes sociais ou outras plataformas externas diretamente a partir das p\u00e1ginas deste servi\u00e7o (este Site).<\/p>\n<p>A intera\u00e7\u00e3o e as informa\u00e7\u00f5es obtidas por este Site est\u00e3o sempre sujeitas \u00e0s configura\u00e7\u00f5es de privacidade do Utilizador em cada rede social.<\/p>\n<p>Este tipo de servi\u00e7o pode ainda coletar dados de tr\u00e1fego para as p\u00e1ginas onde o servi\u00e7o estiver instalado, mesmo quando os Usu\u00e1rios n\u00e3o o estiverem utilizando.<\/p>\n<p>Recomenda-se sair dos respetivos servi\u00e7os de forma a garantir que os dados processados neste servi\u00e7o (este Site) n\u00e3o estejam sendo conectados de volta ao perfil do Utilizador.<\/p>\n<p>&nbsp;<\/p>\n<p>O bot\u00e3o e widgets sociais do LinkedIn (LinkedIn Corporation)<\/p>\n<p>O bot\u00e3o e os widgets sociais do LinkedIn s\u00e3o servi\u00e7os que permitem a intera\u00e7\u00e3o com a rede social LinkedIn fornecido pelo LinkedIn Corporation.<\/p>\n<p>Dados Pessoais processados: Dados de uso; Rastreador.<\/p>\n<p>Lugar de processamento: EUA \u2013 Pol\u00edtica de Privacidade.<\/p>\n<p>Visualizar conte\u00fado de plataformas externas<\/p>\n<p>Estes tipos de servi\u00e7os permitem que voc\u00ea visualize e interaja com o conte\u00fado hospedado em plataformas externas diretamente a partir das p\u00e1ginas deste servi\u00e7o (este Site) e interaja com estes.<\/p>\n<p>Este tipo de servi\u00e7o poder\u00e1 ainda coletar dados de tr\u00e1fego da web para as p\u00e1ginas onde o servi\u00e7o estiver instalado, mesmo quando os usu\u00e1rios n\u00e3o os estiverem utilizando.<\/p>\n<p>Google Fonts (Google Ireland Limited)<\/p>\n<p>Google Fonts \u00e9 um servi\u00e7o de visualiza\u00e7\u00e3o de face de tipo fornecido pelo Google Ireland Limited que permite este Site a incorporar conte\u00fado desse tipo em suas p\u00e1ginas.<\/p>\n<p>&nbsp;<\/p>\n<p>Dados Pessoais processados: Dados de uso; v\u00e1rios tipos de Dados como especificados na pol\u00edtica de privacidade do servi\u00e7o.<\/p>\n<p>Lugar de processamento: Irlanda \u2013 Pol\u00edtica de Privacidade.<\/p>\n<p>&nbsp;<\/p>\n<p><strong>Os direitos dos Utilizadores<\/strong><\/p>\n<p>Os Utilizadores poder\u00e3o exercer determinados direitos a respeito dos seus Dados processados pelo Propriet\u00e1rio.<\/p>\n<p>&nbsp;<\/p>\n<p><strong>Em especial, os Utilizadores possuem os direitos a fazer o seguinte:<\/strong><\/p>\n<p>Retirar a sua anu\u00eancia a qualquer momento. Os Utilizadores possuem o direito de retirar a sua anu\u00eancia nos casos em que tenham dado a sua anu\u00eancia anteriormente para o processamento dos seus Dados Pessoais.<\/p>\n<p>Objetar o processamento dos seus Dados. Os Usu\u00e1rios possuem o direito de objetar o processamento dos seus Dados se o processamento for executado sobre outra base jur\u00eddica que n\u00e3o a anu\u00eancia. S\u00e3o fornecidos detalhes adicionais na se\u00e7\u00e3o espec\u00edfica abaixo.<\/p>\n<p>Aceder os seus Dados. Os Usu\u00e1rios possuem o direito de saber se os seus Dados est\u00e3o sendo processados pelo Propriet\u00e1rio, obter revela\u00e7\u00f5es sobre determinados aspetos do processamento e conseguir uma c\u00f3pia dos Dados que estiverem sendo processados.<\/p>\n<p>Verificar e pedir retifica\u00e7\u00e3o. Os Usu\u00e1rios possuem o direito de verificar a exatid\u00e3o dos seus Dados e de pedir que os mesmos sejam atualizados ou corrigidos.<\/p>\n<p>Restringir o processamento dos seus Dados. Os Usu\u00e1rios possuem o direito de, sob determinadas circunst\u00e2ncias, restringir o processamento dos seus Dados para qualquer outra finalidade que n\u00e3o seja o armazenamento dos mesmos.<\/p>\n<p>Ter os seus Dados Pessoais apagados ou retirados de outra maneira. Os Usu\u00e1rios possuem o direito de, sob determinadas circunst\u00e2ncias, obter a elimina\u00e7\u00e3o dos seus Dados do Propriet\u00e1rio.<\/p>\n<p>Receber os seus Dados e ter os mesmos transferidos para outro controlador. Os Usu\u00e1rios possuem o direito de receber os seus Dados em um formato estruturado, utilizado comumente e apto a ser lido por m\u00e1quinas e, se for vi\u00e1vel tecnicamente, fazer com que os mesmos sejam transmitidos para outro controlador sem nenhum empecilho. Esta determina\u00e7\u00e3o se aplica condicionada a que os Dados sejam processados por meios automatizados e que o processamento esteja baseado na anu\u00eancia do Utilizador, em um contrato do qual o Utilizador seja uma das partes ou por obriga\u00e7\u00f5es pr\u00e9-contratuais do mesmo.<\/p>\n<p>Registar uma reclama\u00e7\u00e3o. Os Usu\u00e1rios possuem o direito de apresentar reclama\u00e7\u00e3o perante a sua autoridade de prote\u00e7\u00e3o de dados competente.<\/p>\n<p>Detalhes sobre o direito de objetar ao processamento<\/p>\n<p>Nos casos em que os Dados Pessoais forem processados por um interesse p\u00fablico, no exerc\u00edcio de uma autoriza\u00e7\u00e3o oficial na qual o Propriet\u00e1rio estiver investido ou para finalidades dos interesses leg\u00edtimos perseguidos pelo Propriet\u00e1rio, os Usu\u00e1rios poder\u00e3o objetar tal processamento atrav\u00e9s do fornecimento de um motivo relacionado com a sua situa\u00e7\u00e3o em especial para justificar a obje\u00e7\u00e3o.<\/p>\n<p>Os Utilizadores devem saber, entretanto, que caso os seus Dados Pessoais sejam processados para finalidades de marketing direto eles podem objetar tal processamento a qualquer momento sem fornecer nenhuma justificativa. Os Usu\u00e1rios podem consultar as se\u00e7\u00f5es respetivas deste documento.<\/p>\n<p><strong>Como exercer estes direitos<\/strong><\/p>\n<p>Quaisquer pedidos para exercer os direitos dos Usu\u00e1rios podem ser direcionados ao Propriet\u00e1rio atrav\u00e9s dos dados para contato fornecidos neste documento. Estes pedidos podem ser exercidos sem nenhum custo e ser\u00e3o atendidos pelo Propriet\u00e1rio com a maior brevidade poss\u00edvel e em todos os casos em prazo inferior a um m\u00eas.<\/p>\n<p>Informa\u00e7\u00f5es adicionais sobre a coleta e processamento de Dados<\/p>\n<p><strong>A\u00e7\u00e3o jur\u00eddica<\/strong><\/p>\n<p>Os Dados Pessoais dos Usu\u00e1rios podem ser utilizados para fins jur\u00eddicos pelo Propriet\u00e1rio em ju\u00edzo ou nas etapas conducentes \u00e0 poss\u00edvel a\u00e7\u00e3o jur\u00eddica decorrente de uso indevido deste Servi\u00e7o (este Site) ou dos Servi\u00e7os relacionados.<\/p>\n<p>O Utilizador declara estar ciente de que o Propriet\u00e1rio poder\u00e1 ser obrigado a revelar os Dados Pessoais mediante solicita\u00e7\u00e3o das autoridades governamentais.<\/p>\n<p><strong>Informa\u00e7\u00f5es adicionais sobre os Dados Pessoais do Utilizador<\/strong><\/p>\n<p>Al\u00e9m das informa\u00e7\u00f5es contidas nesta pol\u00edtica de privacidade, este Site poder\u00e1 fornecer ao Utilizador informa\u00e7\u00f5es adicionais e contextuais sobre os servi\u00e7os espec\u00edficos ou a coleta e processamento de Dados Pessoais mediante solicita\u00e7\u00e3o.<\/p>\n<p><strong>Logs do sistema e manuten\u00e7\u00e3o<\/strong><\/p>\n<p>Para fins de opera\u00e7\u00e3o e manuten\u00e7\u00e3o, este Site e quaisquer servi\u00e7os de terceiros poder\u00e3o coletar arquivos que gravam a intera\u00e7\u00e3o com este Site (logs do sistema) ou usar outros Dados Pessoais (tais como endere\u00e7o IP) para esta finalidade.<\/p>\n<p><strong>As informa\u00e7\u00f5es n\u00e3o contidas nesta pol\u00edtica<\/strong><\/p>\n<p>Mais detalhes sobre a coleta ou processamento de Dados Pessoais podem ser solicitados ao Propriet\u00e1rio, a qualquer momento. Favor ver as informa\u00e7\u00f5es de contato no in\u00edcio deste documento.<\/p>\n<p><strong>Como s\u00e3o tratados os pedidos de \u201cN\u00e3o me Rastreie\u201d<\/strong><\/p>\n<p>Este Site n\u00e3o suporta pedidos de \u201cN\u00e3o Me Rastreie\u201d.<\/p>\n<p>Para determinar se qualquer um dos servi\u00e7os de terceiros que utiliza honram solicita\u00e7\u00f5es de \u201cN\u00e3o Me Rastreie\u201d, por favor leia as pol\u00edticas de privacidade.<\/p>\n<p>&nbsp;<\/p>\n<p><strong>Mudan\u00e7as nesta pol\u00edtica de privacidade<\/strong><\/p>\n<p>O Propriet\u00e1rio se reserva o direito de fazer altera\u00e7\u00f5es nesta pol\u00edtica de privacidade a qualquer momento, atrav\u00e9s de notifica\u00e7\u00e3o a seus Usu\u00e1rios nesta p\u00e1gina e possivelmente dentro deste Servi\u00e7o (este Site) e\/ou \u2013 na medida em que for t\u00e9cnica e juridicamente vi\u00e1vel \u2013 enviando um aviso para os Usu\u00e1rios atrav\u00e9s de quaisquer informa\u00e7\u00f5es de contato dispon\u00edveis para o Propriet\u00e1rio. \u00c9 altamente recomend\u00e1vel verificar esta p\u00e1gina regularmente, consultando a data da \u00faltima modifica\u00e7\u00e3o informada na parte inferior.<\/p>\n<p>&nbsp;<\/p>\n<p>Caso as mudan\u00e7as afetem as atividades de processamento realizadas com base na anu\u00eancia do Utilizador, o Propriet\u00e1rio coletar\u00e1 nova anu\u00eancia do Utilizador, onde for exigida.<\/p>\n<p>&nbsp;<\/p>\n<p><strong>Informa\u00e7\u00f5es para Usu\u00e1rios que residem no Brasil<\/strong><\/p>\n<p>Esta parte do documento se integra e complementa as informa\u00e7\u00f5es contidas no resto desta pol\u00edtica de privacidade e \u00e9 fornecida pela entidade que opera este Site e, conforme for o caso, suas controladoras, subsidi\u00e1rias e afiliadas (para fins desta se\u00e7\u00e3o, doravante denominadas em conjunto atrav\u00e9s dos pronomes \u201cn\u00f3s\u201d, \u201cnos\u201d, \u201cnosso\u201d e \u201cconnosco\u201d).<\/p>\n<p>As disposi\u00e7\u00f5es contidas nesta se\u00e7\u00e3o aplicar-se-\u00e3o a todos os Usu\u00e1rios que sejam residentes no Brasil, de acordo com a \u201cLei geral de Prote\u00e7\u00e3o de Dados\u201d (os Usu\u00e1rios ser\u00e3o doravante denominados atrav\u00e9s dos pronomes \u201cvoc\u00ea\u201d e \u201cseu\u201d). Para tais Usu\u00e1rios, estas disposi\u00e7\u00f5es substituem todas as outras disposi\u00e7\u00f5es possivelmente divergentes ou conflitantes contidas nesta pol\u00edtica de privacidade.<\/p>\n<p>Esta parte do documento usa o termo \u201cinforma\u00e7\u00f5es pessoais\u201d, conforme definido na Lei Geral de Prote\u00e7\u00e3o de Dados (LGPD).<\/p>\n<p>&nbsp;<\/p>\n<p><strong>Em que nos embasamos para processar suas informa\u00e7\u00f5es pessoais<\/strong><\/p>\n<p>Podemos processar suas informa\u00e7\u00f5es pessoais somente se tivermos uma base legal para tal processamento. As bases legais s\u00e3o as seguintes:\u00a0<\/p>\n<p>O seu consentimento com as respetivas atividades de processamento;<\/p>\n<p>conformidade com uma obriga\u00e7\u00e3o legal ou regulamentar imposta a n\u00f3s;<\/p>\n<p>o cumprimento de pol\u00edticas p\u00fablicas dispostas em leis ou regulamenta\u00e7\u00f5es ou com base em contratos, acordos e instrumentos legais semelhantes;<\/p>\n<p>estudos conduzidos por entidades de pesquisa, preferivelmente realizados sobre informa\u00e7\u00f5es pessoais an\u00f4nimas;<\/p>\n<p>a execu\u00e7\u00e3o de um contrato e seus procedimentos preliminares, nos casos em que voc\u00ea for parte do contrato;<\/p>\n<p>o exerc\u00edcio de nossos direitos em processos judiciais, administrativos ou de arbitragem;<\/p>\n<p>prote\u00e7\u00e3o ou seguran\u00e7a f\u00edsica de voc\u00ea ou de um terceiro;<\/p>\n<p>a prote\u00e7\u00e3o da sa\u00fade \u2013 em procedimentos realizados por entidades ou profissionais da sa\u00fade;<\/p>\n<p>nossos interesses leg\u00edtimos, desde que seus direitos e liberdades fundamentais n\u00e3o prevale\u00e7am sobre tais interesses; e<\/p>\n<p>prote\u00e7\u00e3o ao cr\u00e9dito.<\/p>\n<p>Para saber mais sobre as bases legais, voc\u00ea pode entrar em contato connosco a qualquer momento atrav\u00e9s dos dados de contato fornecidos neste documento.<\/p>\n<p>&nbsp;<\/p>\n<p><strong>Categorias de informa\u00e7\u00f5es pessoais processadas<\/strong><\/p>\n<p>Para saber que categorias de suas informa\u00e7\u00f5es pessoais s\u00e3o processadas, voc\u00ea poder\u00e1 ler a se\u00e7\u00e3o intitulada \u201cInforma\u00e7\u00f5es detalhadas sobre o processamento de Dados Pessoais\u201d neste documento.<\/p>\n<p>&nbsp;<\/p>\n<p><strong>Por que processamos suas informa\u00e7\u00f5es pessoais<\/strong><\/p>\n<p>Para saber por que processamos suas informa\u00e7\u00f5es pessoais, voc\u00ea poder\u00e1 ler sobre as se\u00e7\u00f5es intituladas \u201cInforma\u00e7\u00f5es detalhadas sobre o processamento de Dados Pessoais\u201d e \u201cAs finalidades do processamento\u201d neste documento.<\/p>\n<p>&nbsp;<\/p>\n<p>Seus direitos de privacidade como brasileiro, como enviar uma solicita\u00e7\u00e3o e nossas respostas a suas solicita\u00e7\u00f5es<\/p>\n<p>Seus direitos de privacidade como brasileiro<\/p>\n<p>&nbsp;<\/p>\n<p><strong>Voc\u00ea tem o direito de:<\/strong><\/p>\n<p>Obter confirma\u00e7\u00e3o sobre a exist\u00eancia de atividades de processamento de suas informa\u00e7\u00f5es pessoais;<\/p>\n<p>acesso a suas informa\u00e7\u00f5es pessoais;<\/p>\n<p>fazer com que suas informa\u00e7\u00f5es pessoais incompletas, inexatas ou desatualizadas sejam corrigidas;<\/p>\n<p>obter o anonimato, bloqueio ou elimina\u00e7\u00e3o de suas informa\u00e7\u00f5es pessoais desnecess\u00e1rias ou em excesso, ou de informa\u00e7\u00f5es que n\u00e3o estejam sendo processadas de acordo com a LGPD;<\/p>\n<p>obter informa\u00e7\u00f5es sobre a possibilidade de fornecer ou recusar sua anu\u00eancia e as respetivas consequ\u00eancias;<\/p>\n<p>obter informa\u00e7\u00f5es sobre os terceiros com quem compartilhamos suas informa\u00e7\u00f5es pessoais;<\/p>\n<p>obter, mediante sua solicita\u00e7\u00e3o expressa, a portabilidade de suas informa\u00e7\u00f5es pessoais (exceto informa\u00e7\u00f5es an\u00f4nimas) para outro fornecedor de produtos ou servi\u00e7os, desde que nossos segredos comerciais e industriais continuem protegidos;<\/p>\n<p>obter a exclus\u00e3o de suas informa\u00e7\u00f5es pessoais processadas, se o processamento teve base em sua anu\u00eancia, a menos que se apliquem uma ou mais exce\u00e7\u00f5es daquelas dispostas no art. 16 da LGPD;<\/p>\n<p>retirar sua anu\u00eancia a qualquer momento;<\/p>\n<p>registar uma reclama\u00e7\u00e3o com rela\u00e7\u00e3o a suas informa\u00e7\u00f5es pessoais \u00e0 ANPD (Autoridade Nacional de Prote\u00e7\u00e3o de Dados) ou aos \u00f3rg\u00e3os de prote\u00e7\u00e3o ao consumidor;<\/p>\n<p>opor-se a uma atividade de processamento nos casos em que o processamento n\u00e3o for realizado em conformidade com as disposi\u00e7\u00f5es da lei;<\/p>\n<p>solicitar informa\u00e7\u00f5es claras e adequadas a respeito dos crit\u00e9rios e procedimentos usados para uma decis\u00e3o automatizada; e<\/p>\n<p>solicitar a revis\u00e3o de decis\u00f5es tomadas exclusivamente com base no processamento automatizado de suas informa\u00e7\u00f5es pessoais, que afetem seus interesses. Nisto est\u00e3o inclu\u00eddas decis\u00f5es para definir seu perfil pessoal, profissional, de consumidor e de cr\u00e9dito ou aspetos de sua personalidade.<\/p>\n<p>Voc\u00ea nunca ser\u00e1 discriminado ou sofrer\u00e1 qualquer tipo de preju\u00edzo se exercer seus direitos.<\/p>\n<p>&nbsp;<\/p>\n<p><strong>Como registar sua solicita\u00e7\u00e3o<\/strong><\/p>\n<p>Voc\u00ea poder\u00e1 registar sua solicita\u00e7\u00e3o expressa de exercer seus direitos gratuitamente, em qualquer momento, usando os dados de contato fornecidos neste documento ou atrav\u00e9s de seu representante legal.<\/p>\n<p>&nbsp;<\/p>\n<p><strong>Como e quando n\u00f3s responderemos a sua solicita\u00e7\u00e3o<\/strong><\/p>\n<p>Faremos o poss\u00edvel para responder imediatamente a suas solicita\u00e7\u00f5es.<\/p>\n<p>Em qualquer caso, caso seja imposs\u00edvel, faremos quest\u00e3o de comunicar a voc\u00ea os motivos de fato ou de direito que nos impe\u00e7am de atender imediatamente, ou de qualquer outra forma, cumprir suas solicita\u00e7\u00f5es. Nos casos em que n\u00e3o estivermos processando suas informa\u00e7\u00f5es pessoais, indicaremos a pessoa f\u00edsica ou jur\u00eddica a quem voc\u00ea deve encaminhar suas solicita\u00e7\u00f5es, se estivermos na posi\u00e7\u00e3o de faz\u00ea-lo.<\/p>\n<p>&nbsp;<\/p>\n<p>Caso voc\u00ea registe uma solicita\u00e7\u00e3o de acesso ou de confirma\u00e7\u00e3o de processamento de informa\u00e7\u00f5es pessoais, certifique-se de especificar se deseja que suas informa\u00e7\u00f5es pessoais sejam entregues em formato eletr\u00f4nico ou impresso.<\/p>\n<p>Voc\u00ea tamb\u00e9m precisar\u00e1 nos informar se deseja que respondamos sua solicita\u00e7\u00e3o imediatamente, sendo que neste caso responderemos de maneira simplificada ou se voc\u00ea precisa de uma resposta completa.<\/p>\n<p>Neste \u00faltimo caso, responderemos no prazo de 15 dias a contar do momento de sua solicita\u00e7\u00e3o, fornecendo todas as informa\u00e7\u00f5es sobre a origem de suas informa\u00e7\u00f5es pessoais, confirma\u00e7\u00e3o da exist\u00eancia ou n\u00e3o de registros, quaisquer crit\u00e9rios utilizados para o processamento e as finalidades do processamento, mantendo protegidos nossos segredos comerciais e industriais.<\/p>\n<p>&nbsp;<\/p>\n<p>Caso voc\u00ea solicite uma retifica\u00e7\u00e3o, exclus\u00e3o, anonimato ou bloqueio de informa\u00e7\u00f5es pessoais, comunicaremos imediatamente sua solicita\u00e7\u00e3o a outras partes com quem compartilhamos suas informa\u00e7\u00f5es pessoais, a fim de permitir que estes terceiros tamb\u00e9m cumpram sua solicita\u00e7\u00e3o \u2013 exceto nos casos em que tal comunica\u00e7\u00e3o se provar imposs\u00edvel ou envolver um esfor\u00e7o desproporcional de nosso lado.<\/p>\n<p>Transfer\u00eancia de informa\u00e7\u00f5es pessoais para fora do Brasil permitida por lei<\/p>\n<p>Temos permiss\u00e3o para transferir suas informa\u00e7\u00f5es pessoais para fora do territ\u00f3rio brasileiro nos seguintes casos:<\/p>\n<p>Quando a transfer\u00eancia for necess\u00e1ria para fins de coopera\u00e7\u00e3o jur\u00eddica internacional entre \u00f3rg\u00e3os p\u00fablicos de intelig\u00eancia, investiga\u00e7\u00e3o e Minist\u00e9rio P\u00fablico, de acordo com os meios legais dispostos no direito internacional;<\/p>\n<p>quando a transfer\u00eancia for necess\u00e1ria para proteger sua vida ou seguran\u00e7a f\u00edsica ou de terceiros;<\/p>\n<p>quando a transfer\u00eancia for autorizada pela ANPD;<\/p>\n<p>quando a transfer\u00eancia decorrer de um compromisso assumido em um acordo de coopera\u00e7\u00e3o internacional;<\/p>\n<p>quando a transfer\u00eancia for necess\u00e1ria para a execu\u00e7\u00e3o de uma pol\u00edtica p\u00fablica ou atribui\u00e7\u00e3o legal de servi\u00e7o p\u00fablico;<\/p>\n<p>quando a transfer\u00eancia for necess\u00e1ria para o cumprimento de uma obriga\u00e7\u00e3o legal ou regulamentar, a execu\u00e7\u00e3o de um contrato ou procedimentos preliminares relacionados a um contrato ou o exerc\u00edcio regular de direitos em processos judiciais, administrativos ou de arbitragem.<\/p>\n<p>Defini\u00e7\u00f5es e refer\u00eancias jur\u00eddicas<\/p>\n<p><strong>Dados Pessoais (ou Dados)<\/strong><\/p>\n<p>Quaisquer informa\u00e7\u00f5es que diretamente, indiretamente ou em rela\u00e7\u00e3o com outras informa\u00e7\u00f5es \u2013 incluindo um n\u00famero de identifica\u00e7\u00e3o pessoal \u2013 permitam a identifica\u00e7\u00e3o ou identificabilidade de uma pessoa f\u00edsica.<\/p>\n<p>&nbsp;<\/p>\n<p><strong>Dados de Uso<\/strong><\/p>\n<p>As informa\u00e7\u00f5es coletadas automaticamente atrav\u00e9s deste este Site (ou servi\u00e7os de terceiros contratados neste Servi\u00e7o (este Site)), que podem incluir: os endere\u00e7os IP ou nomes de dom\u00ednio dos computadores utilizados pelos Usu\u00e1rios que utilizam este Site, os endere\u00e7os URI (Identificador Uniforme de Recurso), a data e hora do pedido, o m\u00e9todo utilizado para submeter o pedido ao servidor, o tamanho do arquivo recebido em resposta, o c\u00f3digo num\u00e9rico que indica o status do servidor de resposta (resultado positivo, erro , etc.), o pa\u00eds de origem, as caracter\u00edsticas do navegador e do sistema operacional utilizado pelo Utilizador, os v\u00e1rios detalhes de tempo por visita (por exemplo, o tempo gasto em cada p\u00e1gina dentro do aplicativo) e os detalhes sobre o caminho seguido dentro da aplica\u00e7\u00e3o, com especial refer\u00eancia \u00e0 sequ\u00eancia de p\u00e1ginas visitadas e outros par\u00e2metros sobre o sistema operacional do dispositivo e\/ou ambiente de TI do Utilizador.<\/p>\n<p>&nbsp;<\/p>\n<p><strong>Utilizador<\/strong><\/p>\n<p>A pessoa que usa este Site que, a menos que especificado diferentemente, coincida com o Titular dos Dados.<\/p>\n<p><strong>Titular dos Dados<\/strong><\/p>\n<p>A pessoa f\u00edsica a quem os Dados Pessoais se referem.<\/p>\n<p><strong>Processador de Dados (ou supervisor de Dados)<\/strong><\/p>\n<p>A pessoa f\u00edsica ou jur\u00eddica, administra\u00e7\u00e3o p\u00fablica, ag\u00eancia ou outro \u00f3rg\u00e3o que processe os Dados Pessoais em nome do Controlador conforme descrito nesta pol\u00edtica de privacidade.<\/p>\n<p><strong>Controlador de Dados (ou propriet\u00e1rio)<\/strong><\/p>\n<p>A pessoa f\u00edsica ou jur\u00eddica, administra\u00e7\u00e3o p\u00fablica, ag\u00eancia ou outro \u00f3rg\u00e3o que, isoladamente ou em conjunto com outros determinar as finalidades e os meios de processamento dos Dados Pessoais, incluindo medidas de seguran\u00e7a relativas ao funcionamento e ao uso deste Servi\u00e7o (este Site). O Controlador de Dados, a menos que seja especificado de outra forma, \u00e9 o Propriet\u00e1rio deste Servi\u00e7o (este Site).<\/p>\n<p><strong>Este Site (ou este Aplicativo)<\/strong><\/p>\n<p>O meio pelo qual os Dados Pessoais do Utilizador s\u00e3o coletados e processados.<\/p>\n<p><strong>Servi\u00e7o<\/strong><\/p>\n<p>O servi\u00e7o fornecido por este Site conforme descrito nos termos relativos (se dispon\u00edveis) e neste site\/aplicativo.<\/p>\n<p><strong>Uni\u00e3o Europeia (ou UE)<\/strong><\/p>\n<p>A menos que especificado diferentemente, todas as refer\u00eancias feitas neste documento \u00e0 Uni\u00e3o Europeia incluem todos os atuais estados membros da Uni\u00e3o Europeia e do Espa\u00e7o Econ\u00f4mico Europeu.\u00a0<\/p>\n<p><strong>Cookie<\/strong><\/p>\n<p>Cookies s\u00e3o Rastreadores compostos por pequenos conjuntos de dados armazenados no navegador do Utilizador.<\/p>\n<p><strong>Rastreador<\/strong><\/p>\n<p>O termo Rastreador indica qualquer tecnologia \u2013 como Cookies, identificadores \u00fanicos, web beacons, scripts embutidos, e-tags e fingerprinting \u2013 que permita o rastreamento de Usu\u00e1rios, por exemplo, acedendo ou a armazenando informa\u00e7\u00f5es no dispositivo do Utilizador.<\/p>\n<p><strong>Informa\u00e7\u00e3o jur\u00eddica<\/strong><\/p>\n<p>Esta declara\u00e7\u00e3o de privacidade foi preparada com base em determina\u00e7\u00f5es de m\u00faltiplas legisla\u00e7\u00f5es, inclusive os Arts. 13\/14 do Regulamento (EU) 2016\/679 (GDPR \u2013 Regulamento Geral de Prote\u00e7\u00e3o de Dados).<\/p>\n<p>Esta pol\u00edtica de privacidade se refere somente a este Site, se n\u00e3o afirmado diferentemente neste documento.<\/p>\n<p>[\/et_pb_text][\/et_pb_column][\/et_pb_row][\/et_pb_section]<\/p>\n","protected":false},"excerpt":{"rendered":"<p>Pol\u00edtica de Privacidade do play4children.com Este Site recolhe alguns Dados Pessoais dos Utilizadores. Este documento cont\u00e9m uma se\u00e7\u00e3o dedicada a Utilizadores brasileiros e seus direitos de privacidade. Este documento pode ser impresso para fins de consulta, atrav\u00e9s do comando imprimir nas configura\u00e7\u00f5es de seu navegador. Propriet\u00e1rio e Controlador de DadosAssocia\u00e7\u00e3o Play4 ChildrenNIF: 517795566 Tipos de [&hellip;]<\/p>\n","protected":false},"author":1,"featured_media":0,"parent":0,"menu_order":0,"comment_status":"closed","ping_status":"closed","template":"","meta":{"_et_pb_use_builder":"on","_et_pb_old_content":"<!-- wp:heading --><h2>Quem somos<\/h2><!-- \/wp:heading --><!-- wp:paragraph --><p><strong class=\"privacy-policy-tutorial\">Texto sugerido: <\/strong>O endere\u00e7o do nosso site \u00e9: https:\/\/play4children.com.<\/p><!-- \/wp:paragraph --><!-- wp:heading --><h2>Coment\u00e1rios<\/h2><!-- \/wp:heading --><!-- wp:paragraph --><p><strong class=\"privacy-policy-tutorial\">Texto sugerido: <\/strong>Quando os visitantes deixam coment\u00e1rios no site, s\u00e3o guardados os dados presentes no formul\u00e1rio dos coment\u00e1rios, bem como o endere\u00e7o de IP e o agente do utilizador do navegador, para ajudar com a detec\u00e7\u00e3o de spam.<\/p><!-- \/wp:paragraph --><!-- wp:paragraph --><p>Uma string an\u00f3nima criada a partir do seu endere\u00e7o de email (tamb\u00e9m designada por hash) pode ser enviada para o servi\u00e7o Gravatar para verificar se o est\u00e1 a utilizar. A pol\u00edtica de privacidade do servi\u00e7o Gravatar est\u00e1 dispon\u00edvel aqui: https:\/\/automattic.com\/privacy\/. Depois do seu coment\u00e1rio ser aprovado, a fotografia do ser perfil fica vis\u00edvel para o p\u00fablico no contexto do seu coment\u00e1rio.<\/p><!-- \/wp:paragraph --><!-- wp:heading --><h2>Multim\u00e9dia<\/h2><!-- \/wp:heading --><!-- wp:paragraph --><p><strong class=\"privacy-policy-tutorial\">Texto sugerido: <\/strong>Ao carregar imagens para o site, deve evitar carregar imagens com dados incorporados de geolocaliza\u00e7\u00e3o (EXIF GPS). Os visitantes podem descarregar e extrair os dados de geolocaliza\u00e7\u00e3o das imagens do site.<\/p><!-- \/wp:paragraph --><!-- wp:heading --><h2>Cookies<\/h2><!-- \/wp:heading --><!-- wp:paragraph --><p><strong class=\"privacy-policy-tutorial\">Texto sugerido: <\/strong>Se deixar um coment\u00e1rio no nosso site pode optar por guardar o seu nome, endere\u00e7o de email e site nos cookies. Isto \u00e9 para sua conveni\u00eancia para n\u00e3o ter de preencher novamente os seus dados quando deixar outro coment\u00e1rio. Estes cookies durar\u00e3o um ano.<\/p><!-- \/wp:paragraph --><!-- wp:paragraph --><p>Se visitar a p\u00e1gina de in\u00edcio de sess\u00e3o, ser\u00e1 configurado um cookie tempor\u00e1rio para determinar se o seu navegador aceita cookies. Este cookie n\u00e3o cont\u00e9m dados pessoais e ser\u00e1 eliminado ao fechar o seu navegador.<\/p><!-- \/wp:paragraph --><!-- wp:paragraph --><p>Ao iniciar a sess\u00e3o, ser\u00e3o configurados alguns cookies para guardar a sua informa\u00e7\u00e3o de sess\u00e3o e as suas escolhas de visualiza\u00e7\u00e3o de ecr\u00e3. Os cookies de in\u00edcio de sess\u00e3o duram um ano. Se seleccionar &quot;Lembrar-me&quot;, a sua sess\u00e3o ir\u00e1 persistir durante duas semanas. Ao terminar a sess\u00e3o, os cookies de inicio de sess\u00e3o ser\u00e3o removidos.<\/p><!-- \/wp:paragraph --><!-- wp:paragraph --><p>Se editar ou publicar um artigo, ser\u00e1 guardado no seu navegador um cookie adicional. Este cookie n\u00e3o inclui dados pessoais apenas indica o ID de conte\u00fado do artigo que acabou de editar. Expira ao fim de 1 dia.<\/p><!-- \/wp:paragraph --><!-- wp:heading --><h2>Conte\u00fado incorporado de outros sites<\/h2><!-- \/wp:heading --><!-- wp:paragraph --><p><strong class=\"privacy-policy-tutorial\">Texto sugerido: <\/strong>Os artigos neste site podem incluir conte\u00fado incorporado (por exemplo: v\u00eddeos, imagens, artigos, etc.). O conte\u00fado incorporado de outros sites comporta-se tal como se o utilizador visitasse esses sites.<\/p><!-- \/wp:paragraph --><!-- wp:paragraph --><p>Este site pode recolher dados sobre si, usar cookies, incorporar rastreio feito por terceiros, monitorizar as suas interac\u00e7\u00f5es com o mesmo, incluindo registar as interac\u00e7\u00f5es com conte\u00fado incorporado se tiver uma conta e estiver com sess\u00e3o iniciada nesse site.<\/p><!-- \/wp:paragraph --><!-- wp:heading --><h2>Com quem s\u00e3o partilhados os seus dados<\/h2><!-- \/wp:heading --><!-- wp:paragraph --><p><strong class=\"privacy-policy-tutorial\">Texto sugerido: <\/strong>Se solicitar uma redefini\u00e7\u00e3o de senha, o seu endere\u00e7o de IP ser\u00e1 inclu\u00eddo no email de redefini\u00e7\u00e3o.<\/p><!-- \/wp:paragraph --><!-- wp:heading --><h2>Por quanto tempo s\u00e3o retidos os seus dados<\/h2><!-- \/wp:heading --><!-- wp:paragraph --><p><strong class=\"privacy-policy-tutorial\">Texto sugerido: <\/strong>Se deixar um coment\u00e1rio, o coment\u00e1rio e os seus metadados s\u00e3o guardados indefinidamente. Isto acontece de modo a ser poss\u00edvel reconhecer e aprovar automaticamente quaisquer coment\u00e1rios seguintes, em vez de os colocar numa fila de modera\u00e7\u00e3o.<\/p><!-- \/wp:paragraph --><!-- wp:paragraph --><p>Para utilizadores que se registem no nosso site (se algum), guardamos a informa\u00e7\u00e3o pessoal fornecida no seu perfil de utilizador. Todos os utilizadores podem ver, editar, ou eliminar a sua informa\u00e7\u00e3o pessoal a qualquer momento (com a excep\u00e7\u00e3o de n\u00e3o poderem alterar o nome de utilizador). Os administradores do site podem tamb\u00e9m ver e editar essa informa\u00e7\u00e3o.<\/p><!-- \/wp:paragraph --><!-- wp:heading --><h2>Que direitos tem sobre os seus dados<\/h2><!-- \/wp:heading --><!-- wp:paragraph --><p><strong class=\"privacy-policy-tutorial\">Texto sugerido: <\/strong>Se tiver uma conta neste site, ou deixou coment\u00e1rios, pode pedir para receber um ficheiro de exporta\u00e7\u00e3o com os dados pessoais guardados sobre si, incluindo qualquer dado pessoal que indicou. Tamb\u00e9m pode solicitar que os dados guardados sejam eliminados. Isto n\u00e3o inclui qualquer dado pessoal que seja obrigat\u00f3rio manter para fins administrativos, legais ou de seguran\u00e7a.<\/p><!-- \/wp:paragraph --><!-- wp:heading --><h2>Para onde s\u00e3o enviados os seus dados<\/h2><!-- \/wp:heading --><!-- wp:paragraph --><p><strong class=\"privacy-policy-tutorial\">Texto sugerido: <\/strong>Os coment\u00e1rios dos visitantes podem ser verificados atrav\u00e9s de um servi\u00e7o autom\u00e1tico de detec\u00e7\u00e3o de spam.<\/p><!-- \/wp:paragraph -->","_et_gb_content_width":"","footnotes":""},"class_list":["post-3","page","type-page","status-publish","hentry"],"yoast_head":"<!-- This site is optimized with the Yoast SEO plugin v27.5 - https:\/\/yoast.com\/product\/yoast-seo-wordpress\/ -->\n<title>Pol\u00edtica de privacidade | Play4Children<\/title>\n<meta name=\"robots\" content=\"index, follow, max-snippet:-1, max-image-preview:large, max-video-preview:-1\" \/>\n<link rel=\"canonical\" href=\"https:\/\/play4children.com\/es\/politica-privacidade\/\" \/>\n<meta property=\"og:locale\" content=\"es_ES\" \/>\n<meta property=\"og:type\" content=\"article\" \/>\n<meta property=\"og:title\" content=\"Pol\u00edtica de privacidade | Play4Children\" \/>\n<meta property=\"og:description\" content=\"Pol\u00edtica de Privacidade do play4children.com Este Site recolhe alguns Dados Pessoais dos Utilizadores. Este documento cont\u00e9m uma se\u00e7\u00e3o dedicada a Utilizadores brasileiros e seus direitos de privacidade. Este documento pode ser impresso para fins de consulta, atrav\u00e9s do comando imprimir nas configura\u00e7\u00f5es de seu navegador. Propriet\u00e1rio e Controlador de DadosAssocia\u00e7\u00e3o Play4 ChildrenNIF: 517795566 Tipos de [&hellip;]\" \/>\n<meta property=\"og:url\" content=\"https:\/\/play4children.com\/es\/politica-privacidade\/\" \/>\n<meta property=\"og:site_name\" content=\"Play4Children\" \/>\n<meta property=\"article:publisher\" content=\"https:\/\/www.facebook.com\/jogapelascriancas\" \/>\n<meta property=\"article:modified_time\" content=\"2025-09-09T11:03:31+00:00\" \/>\n<meta name=\"twitter:card\" content=\"summary_large_image\" \/>\n<meta name=\"twitter:label1\" content=\"Est. reading time\" \/>\n\t<meta name=\"twitter:data1\" content=\"24 minutes\" \/>\n<script type=\"application\/ld+json\" class=\"yoast-schema-graph\">{\"@context\":\"https:\\\/\\\/schema.org\",\"@graph\":[{\"@type\":\"WebPage\",\"@id\":\"https:\\\/\\\/play4children.com\\\/politica-privacidade\\\/\",\"url\":\"https:\\\/\\\/play4children.com\\\/politica-privacidade\\\/\",\"name\":\"Pol\u00edtica de privacidade | Play4Children\",\"isPartOf\":{\"@id\":\"https:\\\/\\\/play4children.com\\\/#website\"},\"datePublished\":\"2021-05-28T11:25:20+00:00\",\"dateModified\":\"2025-09-09T11:03:31+00:00\",\"breadcrumb\":{\"@id\":\"https:\\\/\\\/play4children.com\\\/politica-privacidade\\\/#breadcrumb\"},\"inLanguage\":\"es-ES\",\"potentialAction\":[{\"@type\":\"ReadAction\",\"target\":[\"https:\\\/\\\/play4children.com\\\/politica-privacidade\\\/\"]}]},{\"@type\":\"BreadcrumbList\",\"@id\":\"https:\\\/\\\/play4children.com\\\/politica-privacidade\\\/#breadcrumb\",\"itemListElement\":[{\"@type\":\"ListItem\",\"position\":1,\"name\":\"In\u00edcio\",\"item\":\"https:\\\/\\\/play4children.com\\\/\"},{\"@type\":\"ListItem\",\"position\":2,\"name\":\"Pol\u00edtica de privacidade\"}]},{\"@type\":\"WebSite\",\"@id\":\"https:\\\/\\\/play4children.com\\\/#website\",\"url\":\"https:\\\/\\\/play4children.com\\\/\",\"name\":\"Joga Pelas Crian\u00e7as a favor da UNICEF\",\"description\":\"O Joga pelas crian\u00e7as ser\u00e1 o maior jogo de futebol solid\u00e1rio de Portugal.\",\"publisher\":{\"@id\":\"https:\\\/\\\/play4children.com\\\/#organization\"},\"potentialAction\":[{\"@type\":\"SearchAction\",\"target\":{\"@type\":\"EntryPoint\",\"urlTemplate\":\"https:\\\/\\\/play4children.com\\\/?s={search_term_string}\"},\"query-input\":{\"@type\":\"PropertyValueSpecification\",\"valueRequired\":true,\"valueName\":\"search_term_string\"}}],\"inLanguage\":\"es-ES\"},{\"@type\":\"Organization\",\"@id\":\"https:\\\/\\\/play4children.com\\\/#organization\",\"name\":\"Joga pelas Crian\u00e7as a favor da UNICEF\",\"url\":\"https:\\\/\\\/play4children.com\\\/\",\"logo\":{\"@type\":\"ImageObject\",\"inLanguage\":\"es-ES\",\"@id\":\"https:\\\/\\\/play4children.com\\\/#\\\/schema\\\/logo\\\/image\\\/\",\"url\":\"https:\\\/\\\/play4children.com\\\/wp-content\\\/uploads\\\/2024\\\/03\\\/logos-play4children_padel.png\",\"contentUrl\":\"https:\\\/\\\/play4children.com\\\/wp-content\\\/uploads\\\/2024\\\/03\\\/logos-play4children_padel.png\",\"width\":600,\"height\":181,\"caption\":\"Joga pelas Crian\u00e7as a favor da UNICEF\"},\"image\":{\"@id\":\"https:\\\/\\\/play4children.com\\\/#\\\/schema\\\/logo\\\/image\\\/\"},\"sameAs\":[\"https:\\\/\\\/www.facebook.com\\\/jogapelascriancas\",\"http:\\\/\\\/instagram.com\\\/jogapelascriancas\",\"https:\\\/\\\/www.youtube.com\\\/channel\\\/UCWcTdjqXxE9-SpXCOzFZzIg\"]}]}<\/script>\n<!-- \/ Yoast SEO plugin. -->","yoast_head_json":{"title":"Pol\u00edtica de privacidade | Play4Children","robots":{"index":"index","follow":"follow","max-snippet":"max-snippet:-1","max-image-preview":"max-image-preview:large","max-video-preview":"max-video-preview:-1"},"canonical":"https:\/\/play4children.com\/es\/politica-privacidade\/","og_locale":"es_ES","og_type":"article","og_title":"Pol\u00edtica de privacidade | Play4Children","og_description":"Pol\u00edtica de Privacidade do play4children.com Este Site recolhe alguns Dados Pessoais dos Utilizadores. Este documento cont\u00e9m uma se\u00e7\u00e3o dedicada a Utilizadores brasileiros e seus direitos de privacidade. Este documento pode ser impresso para fins de consulta, atrav\u00e9s do comando imprimir nas configura\u00e7\u00f5es de seu navegador. Propriet\u00e1rio e Controlador de DadosAssocia\u00e7\u00e3o Play4 ChildrenNIF: 517795566 Tipos de [&hellip;]","og_url":"https:\/\/play4children.com\/es\/politica-privacidade\/","og_site_name":"Play4Children","article_publisher":"https:\/\/www.facebook.com\/jogapelascriancas","article_modified_time":"2025-09-09T11:03:31+00:00","twitter_card":"summary_large_image","twitter_misc":{"Est. reading time":"24 minutes"},"schema":{"@context":"https:\/\/schema.org","@graph":[{"@type":"WebPage","@id":"https:\/\/play4children.com\/politica-privacidade\/","url":"https:\/\/play4children.com\/politica-privacidade\/","name":"Pol\u00edtica de privacidade | Play4Children","isPartOf":{"@id":"https:\/\/play4children.com\/#website"},"datePublished":"2021-05-28T11:25:20+00:00","dateModified":"2025-09-09T11:03:31+00:00","breadcrumb":{"@id":"https:\/\/play4children.com\/politica-privacidade\/#breadcrumb"},"inLanguage":"es-ES","potentialAction":[{"@type":"ReadAction","target":["https:\/\/play4children.com\/politica-privacidade\/"]}]},{"@type":"BreadcrumbList","@id":"https:\/\/play4children.com\/politica-privacidade\/#breadcrumb","itemListElement":[{"@type":"ListItem","position":1,"name":"In\u00edcio","item":"https:\/\/play4children.com\/"},{"@type":"ListItem","position":2,"name":"Pol\u00edtica de privacidade"}]},{"@type":"WebSite","@id":"https:\/\/play4children.com\/#website","url":"https:\/\/play4children.com\/","name":"Joga Pelas Crian\u00e7as a favor da UNICEF","description":"O Joga pelas crian\u00e7as ser\u00e1 o maior jogo de futebol solid\u00e1rio de Portugal.","publisher":{"@id":"https:\/\/play4children.com\/#organization"},"potentialAction":[{"@type":"SearchAction","target":{"@type":"EntryPoint","urlTemplate":"https:\/\/play4children.com\/?s={search_term_string}"},"query-input":{"@type":"PropertyValueSpecification","valueRequired":true,"valueName":"search_term_string"}}],"inLanguage":"es-ES"},{"@type":"Organization","@id":"https:\/\/play4children.com\/#organization","name":"Joga pelas Crian\u00e7as a favor da UNICEF","url":"https:\/\/play4children.com\/","logo":{"@type":"ImageObject","inLanguage":"es-ES","@id":"https:\/\/play4children.com\/#\/schema\/logo\/image\/","url":"https:\/\/play4children.com\/wp-content\/uploads\/2024\/03\/logos-play4children_padel.png","contentUrl":"https:\/\/play4children.com\/wp-content\/uploads\/2024\/03\/logos-play4children_padel.png","width":600,"height":181,"caption":"Joga pelas Crian\u00e7as a favor da UNICEF"},"image":{"@id":"https:\/\/play4children.com\/#\/schema\/logo\/image\/"},"sameAs":["https:\/\/www.facebook.com\/jogapelascriancas","http:\/\/instagram.com\/jogapelascriancas","https:\/\/www.youtube.com\/channel\/UCWcTdjqXxE9-SpXCOzFZzIg"]}]}},"_links":{"self":[{"href":"https:\/\/play4children.com\/es\/wp-json\/wp\/v2\/pages\/3","targetHints":{"allow":["GET"]}}],"collection":[{"href":"https:\/\/play4children.com\/es\/wp-json\/wp\/v2\/pages"}],"about":[{"href":"https:\/\/play4children.com\/es\/wp-json\/wp\/v2\/types\/page"}],"author":[{"embeddable":true,"href":"https:\/\/play4children.com\/es\/wp-json\/wp\/v2\/users\/1"}],"replies":[{"embeddable":true,"href":"https:\/\/play4children.com\/es\/wp-json\/wp\/v2\/comments?post=3"}],"version-history":[{"count":1,"href":"https:\/\/play4children.com\/es\/wp-json\/wp\/v2\/pages\/3\/revisions"}],"predecessor-version":[{"id":6985,"href":"https:\/\/play4children.com\/es\/wp-json\/wp\/v2\/pages\/3\/revisions\/6985"}],"wp:attachment":[{"href":"https:\/\/play4children.com\/es\/wp-json\/wp\/v2\/media?parent=3"}],"curies":[{"name":"wp","href":"https:\/\/api.w.org\/{rel}","templated":true}]}}